{"id":47198,"date":"2019-05-12T07:22:24","date_gmt":"2019-05-12T04:22:24","guid":{"rendered":"https:\/\/niemikoti.fi\/?page_id=47198"},"modified":"2025-10-07T09:30:50","modified_gmt":"2025-10-07T06:30:50","slug":"fran-skuggorna-till-ljuset-bloggen","status":"publish","type":"page","link":"https:\/\/niemikoti.fi\/sv\/erfarenhetsexperter\/fran-skuggorna-till-ljuset-bloggen\/","title":{"rendered":"Fr\u00e5n skuggorna till ljuset \u2013 bloggen"},"content":{"rendered":"<style>.kb-row-layout-id47198_5c62e3-74 > .kt-row-column-wrap{align-content:start;}:where(.kb-row-layout-id47198_5c62e3-74 > .kt-row-column-wrap) > .wp-block-kadence-column{justify-content:start;}.kb-row-layout-id47198_5c62e3-74 > .kt-row-column-wrap{column-gap:var(--global-kb-gap-md, 2rem);row-gap:var(--global-kb-gap-md, 2rem);padding-top:25px;padding-right:50px;padding-bottom:25px;padding-left:0px;grid-template-columns:repeat(2, minmax(0, 1fr));}.kb-row-layout-id47198_5c62e3-74 > .kt-row-layout-overlay{opacity:0.30;}@media all and (max-width: 1024px){.kb-row-layout-id47198_5c62e3-74 > .kt-row-column-wrap{grid-template-columns:repeat(2, minmax(0, 1fr));}}@media all and (max-width: 767px){.kb-row-layout-id47198_5c62e3-74 > .kt-row-column-wrap{grid-template-columns:minmax(0, 1fr);}}<\/style><div class=\"kb-row-layout-wrap kb-row-layout-id47198_5c62e3-74 alignnone wp-block-kadence-rowlayout\"><div class=\"kt-row-column-wrap kt-has-2-columns kt-row-layout-equal kt-tab-layout-inherit kt-mobile-layout-row kt-row-valign-top\">\n<style>.kadence-column47198_7cac9f-67 > .kt-inside-inner-col,.kadence-column47198_7cac9f-67 > .kt-inside-inner-col:before{border-top-left-radius:0px;border-top-right-radius:0px;border-bottom-right-radius:0px;border-bottom-left-radius:0px;}.kadence-column47198_7cac9f-67 > .kt-inside-inner-col{column-gap:var(--global-kb-gap-sm, 1rem);}.kadence-column47198_7cac9f-67 > .kt-inside-inner-col{flex-direction:column;}.kadence-column47198_7cac9f-67 > .kt-inside-inner-col > .aligncenter{width:100%;}.kadence-column47198_7cac9f-67 > .kt-inside-inner-col:before{opacity:0.3;}.kadence-column47198_7cac9f-67{position:relative;}@media all and (max-width: 1024px){.kadence-column47198_7cac9f-67 > .kt-inside-inner-col{flex-direction:column;justify-content:center;}}@media all and (max-width: 767px){.kadence-column47198_7cac9f-67 > .kt-inside-inner-col{flex-direction:column;justify-content:center;}}<\/style>\n<div class=\"wp-block-kadence-column kadence-column47198_7cac9f-67 inner-column-1\"><div class=\"kt-inside-inner-col\">\n<p class=\"has-medium-font-size\">I bloggen&nbsp;<strong>Fr\u00e5n skuggorna till ljuset<\/strong>&nbsp;f\u00e5r anv\u00e4ndare av psykiatriska tj\u00e4nster, anh\u00f6riga, experter samt Stiftelsen Uddhemmets anst\u00e4llda och studerande komma till tals.<\/p>\n\n\n\n<p>Bloggens teman kretsar fritt kring \u00e5terh\u00e4mtning, erfarenhetsexpertis, mentalv\u00e5rdsarbete, upplevelser av vardag och fest samt fr\u00e5gor som r\u00f6r psykisk oh\u00e4lsa. <\/p>\n\n\n\n<p>De nyaste inl\u00e4ggen i bloggen finns ocks\u00e5 p\u00e5 svenska. \u00c4ldre texter finns tills vidare endast p\u00e5 finska.<\/p>\n\n\n\n<p>Trevlig l\u00e4sning!<\/p>\n<\/div><\/div>\n\n\n<style>.kadence-column47198_174375-2b > .kt-inside-inner-col,.kadence-column47198_174375-2b > .kt-inside-inner-col:before{border-top-left-radius:0px;border-top-right-radius:0px;border-bottom-right-radius:0px;border-bottom-left-radius:0px;}.kadence-column47198_174375-2b > .kt-inside-inner-col{column-gap:var(--global-kb-gap-sm, 1rem);}.kadence-column47198_174375-2b > .kt-inside-inner-col{flex-direction:column;}.kadence-column47198_174375-2b > .kt-inside-inner-col > .aligncenter{width:100%;}.kadence-column47198_174375-2b > .kt-inside-inner-col:before{opacity:0.3;}.kadence-column47198_174375-2b{position:relative;}@media all and (max-width: 1024px){.kadence-column47198_174375-2b > .kt-inside-inner-col{flex-direction:column;justify-content:center;}}@media all and (max-width: 767px){.kadence-column47198_174375-2b > .kt-inside-inner-col{flex-direction:column;justify-content:center;}}<\/style>\n<div class=\"wp-block-kadence-column kadence-column47198_174375-2b\"><div class=\"kt-inside-inner-col\"><ul class=\"wp-block-page-list\"><li class=\"wp-block-pages-list__item\"><a class=\"wp-block-pages-list__item__link\" href=\"https:\/\/niemikoti.fi\/sv\/erfarenhetsexperter\/vad-ar-en-erfarenhetsexpert\/\">Vad \u00e4r en erfarenhetsexpert?<\/a><\/li><li class=\"wp-block-pages-list__item\"><a class=\"wp-block-pages-list__item__link\" href=\"https:\/\/niemikoti.fi\/sv\/erfarenhetsexperter\/erfarenhetsexpertis-vid-stiftelsen-uddhemmet\/\">Erfarenhetsexpertis vid Stiftelsen Uddhemmet<\/a><\/li><li class=\"wp-block-pages-list__item\"><a class=\"wp-block-pages-list__item__link\" href=\"https:\/\/niemikoti.fi\/sv\/erfarenhetsexperter\/erfarenhetsexperternas-etiska-principer-vid-stiftelsen-uddhemmet\/\">Erfarenhetsexperternas etiska principer vid Stiftelsen Uddhemmet<\/a><\/li><li class=\"wp-block-pages-list__item\"><a class=\"wp-block-pages-list__item__link\" href=\"https:\/\/niemikoti.fi\/sv\/erfarenhetsexperter\/fran-skuggorna-till-ljuset-bloggen\/\">Fr\u00e5n skuggorna till ljuset \u2013 bloggen<\/a><\/li><\/ul><\/div><\/div>\n\n<\/div><\/div>\n\n<style>.kt-post-loop47198_2ab689-96 .kadence-post-image{padding-top:0px;padding-right:0px;padding-bottom:0px;padding-left:0px;}.kt-post-loop47198_2ab689-96 .kt-post-grid-wrap{gap:20px 10px;}.kt-post-loop47198_2ab689-96 .kt-blocks-post-grid-item{border-top-left-radius:0px;border-top-right-radius:0px;border-bottom-right-radius:0px;border-bottom-left-radius:0px;border-top-color:#e5e5e5;border-top-style:solid;border-right-color:#e5e5e5;border-right-style:solid;border-bottom-color:#e5e5e5;border-bottom-style:solid;border-left-color:#e5e5e5;border-left-style:solid;overflow:hidden;}.kt-post-loop47198_2ab689-96 .kt-blocks-post-grid-item .kt-blocks-post-grid-item-inner{padding-top:0px;padding-right:0px;padding-bottom:0px;padding-left:0px;}.kt-post-loop47198_2ab689-96 .kt-blocks-post-grid-item header{padding-top:10px;padding-right:30px;padding-bottom:0px;padding-left:30px;margin-top:0px;margin-right:0px;margin-bottom:0px;margin-left:0px;}.kt-post-loop47198_2ab689-96 .kt-blocks-post-grid-item .kt-blocks-above-categories{font-size:12px;font-weight:bold;text-transform:uppercase;}.kt-post-loop47198_2ab689-96 .kt-blocks-post-grid-item .entry-title{padding-top:10px;padding-right:0px;padding-bottom:5px;padding-left:0px;margin-top:0px;margin-right:0px;margin-bottom:0px;margin-left:0px;font-size:20px;line-height:1.2em;}.kt-post-loop47198_2ab689-96 .kt-blocks-post-grid-item .kt-blocks-post-top-meta{color:#777777;}.kt-post-loop47198_2ab689-96 .kt-blocks-post-grid-item .kt-blocks-post-top-meta a{color:#777777;}.kt-post-loop47198_2ab689-96 .kt-blocks-post-grid-item .kt-blocks-post-top-meta a:hover{color:#444444;}.kt-post-loop47198_2ab689-96 .entry-content{padding-top:16px;padding-right:30px;padding-bottom:10px;padding-left:30px;margin-top:0px;margin-right:0px;margin-bottom:0px;margin-left:0px;}.kt-post-loop47198_2ab689-96 .kt-blocks-post-footer{color:#777777;border-top-width:0px;border-right-width:0px;border-bottom-width:0px;border-left-width:0px;padding-top:0px;padding-right:0px;padding-bottom:0px;padding-left:30px;margin-top:0px;margin-right:0px;margin-bottom:0px;margin-left:0px;font-size:12px;line-height:20px;}.kt-post-loop47198_2ab689-96 .entry-content:after{height:0px;}.kt-post-loop47198_2ab689-96 .kt-blocks-post-footer a{color:#777777;}.kt-post-loop47198_2ab689-96 .kt-blocks-post-footer a:hover{color:#444444;}.kt-post-loop47198_2ab689-96 .kb-filter-item{border-top-width:0px;border-right-width:0px;border-bottom-width:2px;border-left-width:0px;padding-top:5px;padding-right:8px;padding-bottom:5px;padding-left:8px;margin-top:0px;margin-right:10px;margin-bottom:0px;margin-left:0px;}@media all and (max-width: 1024px){.kt-post-loop47198_2ab689-96 .kt-blocks-post-grid-item{border-top-color:#e5e5e5;border-top-style:solid;border-right-color:#e5e5e5;border-right-style:solid;border-bottom-color:#e5e5e5;border-bottom-style:solid;border-left-color:#e5e5e5;border-left-style:solid;}}@media all and (max-width: 767px){.kt-post-loop47198_2ab689-96 .kt-blocks-post-grid-item{border-top-color:#e5e5e5;border-top-style:solid;border-right-color:#e5e5e5;border-right-style:solid;border-bottom-color:#e5e5e5;border-bottom-style:solid;border-left-color:#e5e5e5;border-left-style:solid;}}<\/style><div class=\"wp-block-kadence-postgrid kt-blocks-post-loop-block alignnone kt-post-loop47198_2ab689-96 kt-post-grid-layout-grid \"><div class=\"kt-post-grid-layout-grid-wrap kt-post-grid-wrap\" data-columns-xxl=\"3\" data-columns-xl=\"3\" data-columns-md=\"3\" data-columns-sm=\"2\" data-columns-xs=\"1\" data-columns-ss=\"1\"data-item-selector=\".kt-post-masonry-item\" aria-label=\"Post Carousel\"><article class=\"kt-blocks-post-grid-item post-51462 post type-post status-publish format-standard has-post-thumbnail hentry category-okategoriserad category-fran-skuggor-till-ljus-bloggen category-funktionsinriktad-rehabilitering\"><div class=\"kt-blocks-post-grid-item-inner-wrap kt-feat-image-align-top kt-feat-image-mobile-align-top\"><div class=\"kb-cat-flag is-catfull-funktionsinriktad-rehabilitering\"><a href=\"https:\/\/niemikoti.fi\/sv\/category\/funktionsinriktad-rehabilitering\/\" class=\"kb-cat-link\">Funktionsinriktad rehabilitering<\/a><\/div><div class=\"kadence-post-image\"><div class=\"kadence-post-image-intrisic kt-image-ratio-75\" style=\"padding-bottom:75%;\"><div class=\"kadence-post-image-inner-intrisic\"><a aria-hidden=\"true\" tabindex=\"-1\" role=\"presentation\" href=\"https:\/\/niemikoti.fi\/sv\/arbetet-i-sig-ar-den-basta-mentalthalsoinsatsen\/\" aria-label=\"Arbetet i sig \u00e4r den b\u00e4sta mentalth\u00e4lsoinsatsen\" class=\"kadence-post-image-inner-wrap\"><img loading=\"lazy\" decoding=\"async\" width=\"768\" height=\"768\" src=\"https:\/\/niemikoti.fi\/wp-content\/uploads\/2026\/04\/aivojenkasteluAdobeStock_436800726-768x768.jpeg\" class=\"attachment-medium_large size-medium_large wp-post-image\" alt=\"\" srcset=\"https:\/\/niemikoti.fi\/wp-content\/uploads\/2026\/04\/aivojenkasteluAdobeStock_436800726-768x768.jpeg 768w, https:\/\/niemikoti.fi\/wp-content\/uploads\/2026\/04\/aivojenkasteluAdobeStock_436800726-300x300.jpeg 300w, https:\/\/niemikoti.fi\/wp-content\/uploads\/2026\/04\/aivojenkasteluAdobeStock_436800726-1024x1024.jpeg 1024w, https:\/\/niemikoti.fi\/wp-content\/uploads\/2026\/04\/aivojenkasteluAdobeStock_436800726-200x200.jpeg 200w, https:\/\/niemikoti.fi\/wp-content\/uploads\/2026\/04\/aivojenkasteluAdobeStock_436800726-1536x1536.jpeg 1536w, https:\/\/niemikoti.fi\/wp-content\/uploads\/2026\/04\/aivojenkasteluAdobeStock_436800726-2048x2048.jpeg 2048w, https:\/\/niemikoti.fi\/wp-content\/uploads\/2026\/04\/aivojenkasteluAdobeStock_436800726-1320x1320.jpeg 1320w\" sizes=\"auto, (max-width: 768px) 100vw, 768px\" \/><\/a><\/div><\/div><\/div><div class=\"kt-blocks-post-grid-item-inner\"><header><div class=\"kt-blocks-above-categories\"><a href=\"https:\/\/niemikoti.fi\/sv\/category\/okategoriserad\/\" class=\"category-link-okategoriserad\" rel=\"tag\">Aktuellt<\/a> &#124; <a href=\"https:\/\/niemikoti.fi\/sv\/category\/fran-skuggor-till-ljus-bloggen\/\" class=\"category-link-fran-skuggor-till-ljus-bloggen\" rel=\"tag\">Fr\u00e5n skuggor till ljus \u2013 bloggen<\/a> &#124; <a href=\"https:\/\/niemikoti.fi\/sv\/category\/funktionsinriktad-rehabilitering\/\" class=\"category-link-funktionsinriktad-rehabilitering\" rel=\"tag\">Funktionsinriktad rehabilitering<\/a><\/div><h3 class=\"entry-title\"><a href=\"https:\/\/niemikoti.fi\/sv\/arbetet-i-sig-ar-den-basta-mentalthalsoinsatsen\/\">Arbetet i sig \u00e4r den b\u00e4sta mentalth\u00e4lsoinsatsen<\/a><\/h3><div class=\"kt-blocks-post-top-meta\"><div class=\"kt-blocks-post-author\"><a href=\"https:\/\/niemikoti.fi\/sv\/author\/minna-tikka-lapvetelainenniemikoti-fi\/\" class=\"kt-blocks-post-author-link fn\">Minna Tikka-Lapvetel\u00e4inen<\/a><\/div><\/div><\/header><div class=\"entry-content\">Finlands psykiska fotavtryck \u00e4r stort. \u00d6ver 100\u202f000 personer f\u00e5r sjukpension p\u00e5 grund av psykiska problem. D\u00e4rutover f\u00f6rlorar vi 17 miljoner arbetsdagar per \u00e5r av psykiska&#8230;<\/div><footer class=\"kt-blocks-post-footer\"><div class=\"kt-blocks-post-footer-left\"><\/div><div class=\"kt-blocks-post-footer-right\"><\/div><\/footer><\/div><\/div><\/article><article class=\"kt-blocks-post-grid-item post-51271 post type-post status-publish format-standard has-post-thumbnail hentry category-okategoriserad category-erfarenhetsexperter-och-serviceanvandare category-fran-skuggor-till-ljus-bloggen\"><div class=\"kt-blocks-post-grid-item-inner-wrap kt-feat-image-align-top kt-feat-image-mobile-align-top\"><div class=\"kb-cat-flag is-catfull-erfarenhetsexperter-och-serviceanvandare\"><a href=\"https:\/\/niemikoti.fi\/sv\/category\/erfarenhetsexperter-och-serviceanvandare\/\" class=\"kb-cat-link\">Erfarenhetsexperter och serviceanv\u00e4ndare<\/a><\/div><div class=\"kadence-post-image\"><div class=\"kadence-post-image-intrisic kt-image-ratio-75\" style=\"padding-bottom:75%;\"><div class=\"kadence-post-image-inner-intrisic\"><a aria-hidden=\"true\" tabindex=\"-1\" role=\"presentation\" href=\"https:\/\/niemikoti.fi\/sv\/lyckans-formel\/\" aria-label=\"Lyckans formel\" class=\"kadence-post-image-inner-wrap\"><img loading=\"lazy\" decoding=\"async\" width=\"768\" height=\"707\" src=\"https:\/\/niemikoti.fi\/wp-content\/uploads\/2026\/04\/sydankaavaAdobeStock_690355343-768x707.jpeg\" class=\"attachment-medium_large size-medium_large wp-post-image\" alt=\"Syd\u00e4nmuotoon piirrettyj\u00e4 matemaattisia kaavoja ja symboleja.\" srcset=\"https:\/\/niemikoti.fi\/wp-content\/uploads\/2026\/04\/sydankaavaAdobeStock_690355343-768x707.jpeg 768w, https:\/\/niemikoti.fi\/wp-content\/uploads\/2026\/04\/sydankaavaAdobeStock_690355343-300x276.jpeg 300w, https:\/\/niemikoti.fi\/wp-content\/uploads\/2026\/04\/sydankaavaAdobeStock_690355343-1024x943.jpeg 1024w, https:\/\/niemikoti.fi\/wp-content\/uploads\/2026\/04\/sydankaavaAdobeStock_690355343-1536x1415.jpeg 1536w, https:\/\/niemikoti.fi\/wp-content\/uploads\/2026\/04\/sydankaavaAdobeStock_690355343-2048x1886.jpeg 2048w, https:\/\/niemikoti.fi\/wp-content\/uploads\/2026\/04\/sydankaavaAdobeStock_690355343-1320x1216.jpeg 1320w\" sizes=\"auto, (max-width: 768px) 100vw, 768px\" \/><\/a><\/div><\/div><\/div><div class=\"kt-blocks-post-grid-item-inner\"><header><div class=\"kt-blocks-above-categories\"><a href=\"https:\/\/niemikoti.fi\/sv\/category\/okategoriserad\/\" class=\"category-link-okategoriserad\" rel=\"tag\">Aktuellt<\/a> &#124; <a href=\"https:\/\/niemikoti.fi\/sv\/category\/erfarenhetsexperter-och-serviceanvandare\/\" class=\"category-link-erfarenhetsexperter-och-serviceanvandare\" rel=\"tag\">Erfarenhetsexperter och serviceanv\u00e4ndare<\/a> &#124; <a href=\"https:\/\/niemikoti.fi\/sv\/category\/fran-skuggor-till-ljus-bloggen\/\" class=\"category-link-fran-skuggor-till-ljus-bloggen\" rel=\"tag\">Fr\u00e5n skuggor till ljus \u2013 bloggen<\/a><\/div><h3 class=\"entry-title\"><a href=\"https:\/\/niemikoti.fi\/sv\/lyckans-formel\/\">Lyckans formel<\/a><\/h3><div class=\"kt-blocks-post-top-meta\"><div class=\"kt-blocks-post-author\"><a href=\"https:\/\/niemikoti.fi\/sv\/author\/sirpasinisalo\/\" class=\"kt-blocks-post-author-link fn\">Sirpa Sinisalo<\/a><\/div><\/div><\/header><div class=\"entry-content\">Har du n\u00e5gon g\u00e5ng t\u00e4nkt att du skulle vara lyckligare om du hade ett b\u00e4ttre jobb, en finare bostad eller en mer prestigefylld titel? Enligt&#8230;<\/div><footer class=\"kt-blocks-post-footer\"><div class=\"kt-blocks-post-footer-left\"><\/div><div class=\"kt-blocks-post-footer-right\"><\/div><\/footer><\/div><\/div><\/article><article class=\"kt-blocks-post-grid-item post-50527 post type-post status-publish format-standard has-post-thumbnail hentry category-okategoriserad category-erfarenhetsexperter-och-serviceanvandare category-fran-skuggor-till-ljus-bloggen category-internationalisering-och-natverk tag-italia tag-psykiatria tag-stigma tag-syomishairiot tag-toipuminen\"><div class=\"kt-blocks-post-grid-item-inner-wrap kt-feat-image-align-top kt-feat-image-mobile-align-top\"><div class=\"kb-cat-flag is-catfull-okategoriserad\"><a href=\"https:\/\/niemikoti.fi\/sv\/category\/okategoriserad\/\" class=\"kb-cat-link\">Aktuellt<\/a><\/div><div class=\"kadence-post-image\"><div class=\"kadence-post-image-intrisic kt-image-ratio-75\" style=\"padding-bottom:75%;\"><div class=\"kadence-post-image-inner-intrisic\"><a aria-hidden=\"true\" tabindex=\"-1\" role=\"presentation\" href=\"https:\/\/niemikoti.fi\/sv\/pa-resa-i-italien-del-2-2\/\" aria-label=\"P\u00e5 resa i Italien, del 2\/2\" class=\"kadence-post-image-inner-wrap\"><img loading=\"lazy\" decoding=\"async\" width=\"768\" height=\"576\" src=\"https:\/\/niemikoti.fi\/wp-content\/uploads\/2026\/02\/varese-sirpa-AdobeStock_699334273-768x576.jpeg\" class=\"attachment-medium_large size-medium_large wp-post-image\" alt=\"\" srcset=\"https:\/\/niemikoti.fi\/wp-content\/uploads\/2026\/02\/varese-sirpa-AdobeStock_699334273-768x576.jpeg 768w, https:\/\/niemikoti.fi\/wp-content\/uploads\/2026\/02\/varese-sirpa-AdobeStock_699334273-300x225.jpeg 300w, https:\/\/niemikoti.fi\/wp-content\/uploads\/2026\/02\/varese-sirpa-AdobeStock_699334273-1024x768.jpeg 1024w, https:\/\/niemikoti.fi\/wp-content\/uploads\/2026\/02\/varese-sirpa-AdobeStock_699334273-1536x1152.jpeg 1536w, https:\/\/niemikoti.fi\/wp-content\/uploads\/2026\/02\/varese-sirpa-AdobeStock_699334273-2048x1536.jpeg 2048w, https:\/\/niemikoti.fi\/wp-content\/uploads\/2026\/02\/varese-sirpa-AdobeStock_699334273-1320x990.jpeg 1320w\" sizes=\"auto, (max-width: 768px) 100vw, 768px\" \/><\/a><\/div><\/div><\/div><div class=\"kt-blocks-post-grid-item-inner\"><header><div class=\"kt-blocks-above-categories\"><a href=\"https:\/\/niemikoti.fi\/sv\/category\/okategoriserad\/\" class=\"category-link-okategoriserad\" rel=\"tag\">Aktuellt<\/a> &#124; <a href=\"https:\/\/niemikoti.fi\/sv\/category\/erfarenhetsexperter-och-serviceanvandare\/\" class=\"category-link-erfarenhetsexperter-och-serviceanvandare\" rel=\"tag\">Erfarenhetsexperter och serviceanv\u00e4ndare<\/a> &#124; <a href=\"https:\/\/niemikoti.fi\/sv\/category\/fran-skuggor-till-ljus-bloggen\/\" class=\"category-link-fran-skuggor-till-ljus-bloggen\" rel=\"tag\">Fr\u00e5n skuggor till ljus \u2013 bloggen<\/a> &#124; <a href=\"https:\/\/niemikoti.fi\/sv\/category\/internationalisering-och-natverk\/\" class=\"category-link-internationalisering-och-natverk\" rel=\"tag\">Internationalisering och n\u00e4tverk<\/a><\/div><h3 class=\"entry-title\"><a href=\"https:\/\/niemikoti.fi\/sv\/pa-resa-i-italien-del-2-2\/\">P\u00e5 resa i Italien, del 2\/2<\/a><\/h3><div class=\"kt-blocks-post-top-meta\"><div class=\"kt-blocks-post-author\"><a href=\"https:\/\/niemikoti.fi\/sv\/author\/sirpasinisalo\/\" class=\"kt-blocks-post-author-link fn\">Sirpa Sinisalo<\/a><\/div><\/div><\/header><div class=\"entry-content\">K\u00e4vin marraskuussa entisess\u00e4 kotikaupungissani Milanossa ja haastattelin psykiatri Emanuela Apicellaa 04.11. Varesen Food for mind -keskuksessa, jonka johtaja h\u00e4n on.<\/div><footer class=\"kt-blocks-post-footer\"><div class=\"kt-blocks-post-footer-left\"><div class=\"kt-blocks-tags kt-blocks-post-footer-section\"><span class=\"kt-blocks-tags-icon\"><svg version=\"1.1\" xmlns=\"http:\/\/www.w3.org\/2000\/svg\" class=\"kt-blocks-tag-svg\" width=\"36\" height=\"32\" fill=\"currentColor\" viewBox=\"0 0 36 32\"><title>Etiketter<\/title><path d=\"M34.939 19.939l-8.879-8.879c-0.583-0.583-1.736-1.061-2.561-1.061h-18c-0.825 0-1.5 0.675-1.5 1.5v19c0 0.825 0.675 1.5 1.5 1.5h18c0.825 0 1.977-0.477 2.561-1.061l8.879-8.879c0.583-0.583 0.583-1.538-0-2.121zM25 24c-1.657 0-3-1.343-3-3s1.343-3 3-3 3 1.343 3 3-1.343 3-3 3z\"><\/path><path d=\"M2 8h21l-0.939-0.939c-0.583-0.583-1.736-1.061-2.561-1.061h-18c-0.825 0-1.5 0.675-1.5 1.5v19c0 0.825 0.675 1.5 1.5 1.5h0.5v-20z\"><\/path><\/svg><\/span><a href=\"https:\/\/niemikoti.fi\/sv\/tag\/italia\/\" rel=\"tag\">Italia<\/a>, <a href=\"https:\/\/niemikoti.fi\/sv\/tag\/psykiatria\/\" rel=\"tag\">psykiatria<\/a>, <a href=\"https:\/\/niemikoti.fi\/sv\/tag\/stigma\/\" rel=\"tag\">stigma<\/a>, <a href=\"https:\/\/niemikoti.fi\/sv\/tag\/syomishairiot\/\" rel=\"tag\">sy\u00f6mish\u00e4iri\u00f6t<\/a>, <a href=\"https:\/\/niemikoti.fi\/sv\/tag\/toipuminen\/\" rel=\"tag\">toipuminen<\/a><\/div><\/div><div class=\"kt-blocks-post-footer-right\"><\/div><\/footer><\/div><\/div><\/article><article class=\"kt-blocks-post-grid-item post-50498 post type-post status-publish format-standard has-post-thumbnail hentry category-okategoriserad category-erfarenhetsexperter-och-serviceanvandare category-fran-skuggor-till-ljus-bloggen\"><div class=\"kt-blocks-post-grid-item-inner-wrap kt-feat-image-align-top kt-feat-image-mobile-align-top\"><div class=\"kb-cat-flag is-catfull-ajankohtaista\"><a href=\"https:\/\/niemikoti.fi\/category\/ajankohtaista\/\" class=\"kb-cat-link\">Ajankohtaista<\/a><\/div><div class=\"kadence-post-image\"><div class=\"kadence-post-image-intrisic kt-image-ratio-75\" style=\"padding-bottom:75%;\"><div class=\"kadence-post-image-inner-intrisic\"><a aria-hidden=\"true\" tabindex=\"-1\" role=\"presentation\" href=\"https:\/\/niemikoti.fi\/sv\/mangfalden-av-motiv-ar-en-styrka-i-utbildningen\/\" aria-label=\"M\u00e5ngfalden av motiv \u00e4r en styrka i utbildningen\" class=\"kadence-post-image-inner-wrap\"><img loading=\"lazy\" decoding=\"async\" width=\"768\" height=\"768\" src=\"https:\/\/niemikoti.fi\/wp-content\/uploads\/2026\/02\/itsereflektioAdobeStock_431501856-768x768.jpeg\" class=\"attachment-medium_large size-medium_large wp-post-image\" alt=\"Mies katsoo peilist\u00e4 itse\u00e4\u00e4n ja koskettaa peilikuvaansa mietteli\u00e4\u00e4n\u00e4.\" srcset=\"https:\/\/niemikoti.fi\/wp-content\/uploads\/2026\/02\/itsereflektioAdobeStock_431501856-768x768.jpeg 768w, https:\/\/niemikoti.fi\/wp-content\/uploads\/2026\/02\/itsereflektioAdobeStock_431501856-300x300.jpeg 300w, https:\/\/niemikoti.fi\/wp-content\/uploads\/2026\/02\/itsereflektioAdobeStock_431501856-1024x1024.jpeg 1024w, https:\/\/niemikoti.fi\/wp-content\/uploads\/2026\/02\/itsereflektioAdobeStock_431501856-200x200.jpeg 200w, https:\/\/niemikoti.fi\/wp-content\/uploads\/2026\/02\/itsereflektioAdobeStock_431501856-1536x1536.jpeg 1536w, https:\/\/niemikoti.fi\/wp-content\/uploads\/2026\/02\/itsereflektioAdobeStock_431501856-2048x2048.jpeg 2048w, https:\/\/niemikoti.fi\/wp-content\/uploads\/2026\/02\/itsereflektioAdobeStock_431501856-1320x1320.jpeg 1320w\" sizes=\"auto, (max-width: 768px) 100vw, 768px\" \/><\/a><\/div><\/div><\/div><div class=\"kt-blocks-post-grid-item-inner\"><header><div class=\"kt-blocks-above-categories\"><a href=\"https:\/\/niemikoti.fi\/sv\/category\/okategoriserad\/\" class=\"category-link-okategoriserad\" rel=\"tag\">Aktuellt<\/a> &#124; <a href=\"https:\/\/niemikoti.fi\/sv\/category\/erfarenhetsexperter-och-serviceanvandare\/\" class=\"category-link-erfarenhetsexperter-och-serviceanvandare\" rel=\"tag\">Erfarenhetsexperter och serviceanv\u00e4ndare<\/a> &#124; <a href=\"https:\/\/niemikoti.fi\/sv\/category\/fran-skuggor-till-ljus-bloggen\/\" class=\"category-link-fran-skuggor-till-ljus-bloggen\" rel=\"tag\">Fr\u00e5n skuggor till ljus \u2013 bloggen<\/a><\/div><h3 class=\"entry-title\"><a href=\"https:\/\/niemikoti.fi\/sv\/mangfalden-av-motiv-ar-en-styrka-i-utbildningen\/\">M\u00e5ngfalden av motiv \u00e4r en styrka i utbildningen<\/a><\/h3><div class=\"kt-blocks-post-top-meta\"><div class=\"kt-blocks-post-author\"><a href=\"https:\/\/niemikoti.fi\/sv\/author\/sirpasinisalo\/\" class=\"kt-blocks-post-author-link fn\">Sirpa Sinisalo<\/a><\/div><\/div><\/header><div class=\"entry-content\">Enligt min mening b\u00f6r man inte v\u00e4rdera eller rangordna m\u00e4nniskors motiv. Under den handledarutbildning jag deltog i diskuterade vi flera g\u00e5nger hur \u00e4ven ett till&#8230;<\/div><footer class=\"kt-blocks-post-footer\"><div class=\"kt-blocks-post-footer-left\"><\/div><div class=\"kt-blocks-post-footer-right\"><\/div><\/footer><\/div><\/div><\/article><article class=\"kt-blocks-post-grid-item post-50159 post type-post status-publish format-standard has-post-thumbnail hentry category-okategoriserad category-erfarenhetsexperter-och-serviceanvandare category-fran-skuggor-till-ljus-bloggen\"><div class=\"kt-blocks-post-grid-item-inner-wrap kt-feat-image-align-top kt-feat-image-mobile-align-top\"><div class=\"kb-cat-flag is-catfull-erfarenhetsexperter-och-serviceanvandare\"><a href=\"https:\/\/niemikoti.fi\/sv\/category\/erfarenhetsexperter-och-serviceanvandare\/\" class=\"kb-cat-link\">Erfarenhetsexperter och serviceanv\u00e4ndare<\/a><\/div><div class=\"kadence-post-image\"><div class=\"kadence-post-image-intrisic kt-image-ratio-75\" style=\"padding-bottom:75%;\"><div class=\"kadence-post-image-inner-intrisic\"><a aria-hidden=\"true\" tabindex=\"-1\" role=\"presentation\" href=\"https:\/\/niemikoti.fi\/sv\/mitti-i-vintern\/\" aria-label=\"Mitti i vintern\" class=\"kadence-post-image-inner-wrap\"><img loading=\"lazy\" decoding=\"async\" width=\"768\" height=\"502\" src=\"https:\/\/niemikoti.fi\/wp-content\/uploads\/2026\/01\/sydantalvellaAdobeStock_291567627-scaled-copy-1769657628-e1769657686232-768x502.jpeg\" class=\"attachment-medium_large size-medium_large wp-post-image\" alt=\"Kaksi henkil\u00f6\u00e4 k\u00e4velee talvisessa maisemassa lumisateessa, toinen pit\u00e4\u00e4 kuumaa juomaa k\u00e4dess\u00e4\u00e4n.\" srcset=\"https:\/\/niemikoti.fi\/wp-content\/uploads\/2026\/01\/sydantalvellaAdobeStock_291567627-scaled-copy-1769657628-e1769657686232-768x502.jpeg 768w, https:\/\/niemikoti.fi\/wp-content\/uploads\/2026\/01\/sydantalvellaAdobeStock_291567627-scaled-copy-1769657628-e1769657686232-300x196.jpeg 300w, https:\/\/niemikoti.fi\/wp-content\/uploads\/2026\/01\/sydantalvellaAdobeStock_291567627-scaled-copy-1769657628-e1769657686232-1024x669.jpeg 1024w, https:\/\/niemikoti.fi\/wp-content\/uploads\/2026\/01\/sydantalvellaAdobeStock_291567627-scaled-copy-1769657628-e1769657686232-1536x1004.jpeg 1536w, https:\/\/niemikoti.fi\/wp-content\/uploads\/2026\/01\/sydantalvellaAdobeStock_291567627-scaled-copy-1769657628-e1769657686232-2048x1339.jpeg 2048w, https:\/\/niemikoti.fi\/wp-content\/uploads\/2026\/01\/sydantalvellaAdobeStock_291567627-scaled-copy-1769657628-e1769657686232-1320x863.jpeg 1320w\" sizes=\"auto, (max-width: 768px) 100vw, 768px\" \/><\/a><\/div><\/div><\/div><div class=\"kt-blocks-post-grid-item-inner\"><header><div class=\"kt-blocks-above-categories\"><a href=\"https:\/\/niemikoti.fi\/sv\/category\/okategoriserad\/\" class=\"category-link-okategoriserad\" rel=\"tag\">Aktuellt<\/a> &#124; <a href=\"https:\/\/niemikoti.fi\/sv\/category\/erfarenhetsexperter-och-serviceanvandare\/\" class=\"category-link-erfarenhetsexperter-och-serviceanvandare\" rel=\"tag\">Erfarenhetsexperter och serviceanv\u00e4ndare<\/a> &#124; <a href=\"https:\/\/niemikoti.fi\/sv\/category\/fran-skuggor-till-ljus-bloggen\/\" class=\"category-link-fran-skuggor-till-ljus-bloggen\" rel=\"tag\">Fr\u00e5n skuggor till ljus \u2013 bloggen<\/a><\/div><h3 class=\"entry-title\"><a href=\"https:\/\/niemikoti.fi\/sv\/mitti-i-vintern\/\">Mitti i vintern<\/a><\/h3><div class=\"kt-blocks-post-top-meta\"><div class=\"kt-blocks-post-author\"><a href=\"https:\/\/niemikoti.fi\/sv\/author\/katjalampela\/\" class=\"kt-blocks-post-author-link fn\">Niemikotis\u00e4\u00e4ti\u00f6n viestint\u00e4<\/a><\/div><\/div><\/header><div class=\"entry-content\">Sn\u00f6n piskar och vinden sl\u00e5r mot ansiktet. Det \u00e4r ganska m\u00f6rkt och dystert. Vi kan b\u00f6rja fundera p\u00e5 var vi ska h\u00e4mta mer kraft och&#8230;<\/div><footer class=\"kt-blocks-post-footer\"><div class=\"kt-blocks-post-footer-left\"><\/div><div class=\"kt-blocks-post-footer-right\"><\/div><\/footer><\/div><\/div><\/article><article class=\"kt-blocks-post-grid-item post-49691 post type-post status-publish format-standard has-post-thumbnail hentry category-okategoriserad category-erfarenhetsexperter-och-serviceanvandare category-fran-skuggor-till-ljus-bloggen\"><div class=\"kt-blocks-post-grid-item-inner-wrap kt-feat-image-align-top kt-feat-image-mobile-align-top\"><div class=\"kb-cat-flag is-catfull-kokemusasiantuntijatoiminta-ja-palvelunkayttajat\"><a href=\"https:\/\/niemikoti.fi\/category\/sisaltoluokka\/kokemusasiantuntijatoiminta-ja-palvelunkayttajat\/\" class=\"kb-cat-link\">Kokemusasiantuntijatoiminta ja palvelunk\u00e4ytt\u00e4j\u00e4t<\/a><\/div><div class=\"kadence-post-image\"><div class=\"kadence-post-image-intrisic kt-image-ratio-75\" style=\"padding-bottom:75%;\"><div class=\"kadence-post-image-inner-intrisic\"><a aria-hidden=\"true\" tabindex=\"-1\" role=\"presentation\" href=\"https:\/\/niemikoti.fi\/sv\/en-nyarsjustering\/\" aria-label=\"En ny\u00e5rsjustering\" class=\"kadence-post-image-inner-wrap\"><img loading=\"lazy\" decoding=\"async\" width=\"768\" height=\"512\" src=\"https:\/\/niemikoti.fi\/wp-content\/uploads\/2026\/01\/ChatGPT-Image-Jan-12-2026-05_08_53-PM-768x512.jpg\" class=\"attachment-medium_large size-medium_large wp-post-image\" alt=\"Text skriven p\u00e5 en gammaldags skrivmaskin som s\u00e4ger &quot;I \u00e5r lovar jag...&quot;.\" srcset=\"https:\/\/niemikoti.fi\/wp-content\/uploads\/2026\/01\/ChatGPT-Image-Jan-12-2026-05_08_53-PM-768x512.jpg 768w, https:\/\/niemikoti.fi\/wp-content\/uploads\/2026\/01\/ChatGPT-Image-Jan-12-2026-05_08_53-PM-300x200.jpg 300w, https:\/\/niemikoti.fi\/wp-content\/uploads\/2026\/01\/ChatGPT-Image-Jan-12-2026-05_08_53-PM.jpg 800w\" sizes=\"auto, (max-width: 768px) 100vw, 768px\" \/><\/a><\/div><\/div><\/div><div class=\"kt-blocks-post-grid-item-inner\"><header><div class=\"kt-blocks-above-categories\"><a href=\"https:\/\/niemikoti.fi\/sv\/category\/okategoriserad\/\" class=\"category-link-okategoriserad\" rel=\"tag\">Aktuellt<\/a> &#124; <a href=\"https:\/\/niemikoti.fi\/sv\/category\/erfarenhetsexperter-och-serviceanvandare\/\" class=\"category-link-erfarenhetsexperter-och-serviceanvandare\" rel=\"tag\">Erfarenhetsexperter och serviceanv\u00e4ndare<\/a> &#124; <a href=\"https:\/\/niemikoti.fi\/sv\/category\/fran-skuggor-till-ljus-bloggen\/\" class=\"category-link-fran-skuggor-till-ljus-bloggen\" rel=\"tag\">Fr\u00e5n skuggor till ljus \u2013 bloggen<\/a><\/div><h3 class=\"entry-title\"><a href=\"https:\/\/niemikoti.fi\/sv\/en-nyarsjustering\/\">En ny\u00e5rsjustering<\/a><\/h3><div class=\"kt-blocks-post-top-meta\"><div class=\"kt-blocks-post-author\"><a href=\"https:\/\/niemikoti.fi\/sv\/author\/sirpasinisalo\/\" class=\"kt-blocks-post-author-link fn\">Sirpa Sinisalo<\/a><\/div><\/div><\/header><div class=\"entry-content\">Vi har v\u00e4nt ett nytt blad i v\u00e5ra liv: det gamla \u00e5ret har tagit slut och ett nytt har b\u00f6rjat. Att sl\u00e4ppa taget kan ibland&#8230;<\/div><footer class=\"kt-blocks-post-footer\"><div class=\"kt-blocks-post-footer-left\"><\/div><div class=\"kt-blocks-post-footer-right\"><\/div><\/footer><\/div><\/div><\/article><\/div><div class=\"kt-blocks-page-nav\">\n\t<nav class=\"navigation pagination\" aria-label=\"Sidnumrering f\u00f6r inl\u00e4gg\">\n\t\t<h2 class=\"screen-reader-text\">Sidnumrering f\u00f6r inl\u00e4gg<\/h2>\n\t\t<div class=\"nav-links\"><span aria-current=\"page\" class=\"page-numbers current\">1<\/span>\n<a class=\"page-numbers\" href=\"https:\/\/niemikoti.fi\/sv\/wp-json\/wp\/v2\/pages\/47198\/page\/2\/\">2<\/a>\n<a class=\"next page-numbers\" href=\"https:\/\/niemikoti.fi\/sv\/wp-json\/wp\/v2\/pages\/47198\/page\/2\/\"><span class=\"screen-reader-text\">Next Page<\/span><svg style=\"display:inline-block;vertical-align:middle\" aria-hidden=\"true\" class=\"kt-blocks-pagination-right-svg\" viewBox=\"0 0 320 512\" height=\"14\" width=\"8\" fill=\"currentColor\" xmlns=\"http:\/\/www.w3.org\/2000\/svg\"><path d=\"M285.476 272.971L91.132 467.314c-9.373 9.373-24.569 9.373-33.941 0l-22.667-22.667c-9.357-9.357-9.375-24.522-.04-33.901L188.505 256 34.484 101.255c-9.335-9.379-9.317-24.544.04-33.901l22.667-22.667c9.373-9.373 24.569-9.373 33.941 0L285.475 239.03c9.373 9.372 9.373 24.568.001 33.941z\"><\/path><\/svg><\/a><\/div>\n\t<\/nav><\/div><\/div><!-- .wp-block-kadence-postgrid -->\n\n\n<p><\/p>\n\n\n<style>.kb-row-layout-id47198_2e8854-15 > .kt-row-column-wrap{align-content:start;}:where(.kb-row-layout-id47198_2e8854-15 > .kt-row-column-wrap) > .wp-block-kadence-column{justify-content:start;}.kb-row-layout-id47198_2e8854-15 > .kt-row-column-wrap{column-gap:var(--global-kb-gap-md, 2rem);row-gap:var(--global-kb-gap-md, 2rem);padding-top:var(--global-kb-spacing-sm, 1.5rem);padding-bottom:var(--global-kb-spacing-sm, 1.5rem);grid-template-columns:minmax(0, 1fr);}.kb-row-layout-id47198_2e8854-15 > .kt-row-layout-overlay{opacity:0.30;}@media all and (max-width: 1024px){.kb-row-layout-id47198_2e8854-15 > .kt-row-column-wrap{grid-template-columns:minmax(0, 1fr);}}@media all and (max-width: 767px){.kb-row-layout-id47198_2e8854-15 > .kt-row-column-wrap{grid-template-columns:minmax(0, 1fr);}}<\/style><div class=\"kb-row-layout-wrap kb-row-layout-id47198_2e8854-15 alignnone wp-block-kadence-rowlayout\"><div class=\"kt-row-column-wrap kt-has-1-columns kt-row-layout-equal kt-tab-layout-inherit kt-mobile-layout-row kt-row-valign-top\">\n<style>.kadence-column47198_03f3f7-3c > .kt-inside-inner-col,.kadence-column47198_03f3f7-3c > .kt-inside-inner-col:before{border-top-left-radius:0px;border-top-right-radius:0px;border-bottom-right-radius:0px;border-bottom-left-radius:0px;}.kadence-column47198_03f3f7-3c > .kt-inside-inner-col{column-gap:var(--global-kb-gap-sm, 1rem);}.kadence-column47198_03f3f7-3c > .kt-inside-inner-col{flex-direction:column;}.kadence-column47198_03f3f7-3c > .kt-inside-inner-col > .aligncenter{width:100%;}.kadence-column47198_03f3f7-3c > .kt-inside-inner-col:before{opacity:0.3;}.kadence-column47198_03f3f7-3c{position:relative;}@media all and (max-width: 1024px){.kadence-column47198_03f3f7-3c > .kt-inside-inner-col{flex-direction:column;justify-content:center;}}@media all and (max-width: 767px){.kadence-column47198_03f3f7-3c > .kt-inside-inner-col{flex-direction:column;justify-content:center;}}<\/style>\n<div class=\"wp-block-kadence-column kadence-column47198_03f3f7-3c inner-column-1\"><div class=\"kt-inside-inner-col\"><\/div><\/div>\n\n<\/div><\/div><div style=\"margin: 20px 0;\"><div class=\"qrcswholewtapper\" style=\"text-align:left;\"><div class=\"qrcprowrapper\"  id=\"qrcwraa3leds\"><div class=\"qrc_canvass\" id=\"qrc_cuttenpages_3\" style=\"display:none\" data-text=\"https:\/\/niemikoti.fi\/sv\/erfarenhetsexperter\/fran-skuggorna-till-ljuset-bloggen\/\"><\/div><div><a download=\"Fr\u00e5n skuggorna till ljuset \u2013 bloggen.png\" class=\"qrcdownloads\" id=\"worign\">\r\n           <button type=\"button\" style=\"min-width:200px;background:#c8fd8c;color:#000;font-weight: 600;border: 1px solid #dddddd;border-radius:4px;font-size:12px;padding: 6px 0;\" class=\"uqr_code_btn\">Lataa QR-koodi<\/button>\r\n           <\/a><\/div><\/div><\/div><\/div>","protected":false},"excerpt":{"rendered":"<p>I bloggen&nbsp;Fr\u00e5n skuggorna till ljuset&nbsp;f\u00e5r anv\u00e4ndare av psykiatriska tj\u00e4nster, anh\u00f6riga, experter samt Stiftelsen Uddhemmets anst\u00e4llda och studerande komma till tals. Bloggens teman kretsar fritt kring \u00e5terh\u00e4mtning, erfarenhetsexpertis, mentalv\u00e5rdsarbete, upplevelser av vardag och fest samt fr\u00e5gor som r\u00f6r psykisk oh\u00e4lsa. De nyaste inl\u00e4ggen i bloggen finns ocks\u00e5 p\u00e5 svenska. \u00c4ldre texter finns tills vidare endast p\u00e5&#8230;<\/p>\n","protected":false},"author":2,"featured_media":0,"parent":47186,"menu_order":3,"comment_status":"closed","ping_status":"closed","template":"","meta":{"_kad_blocks_custom_css":"","_kad_blocks_head_custom_js":"","_kad_blocks_body_custom_js":"","_kad_blocks_footer_custom_js":"","_kad_post_transparent":"","_kad_post_title":"","_kad_post_layout":"","_kad_post_sidebar_id":"","_kad_post_content_style":"","_kad_post_vertical_padding":"","_kad_post_feature":"","_kad_post_feature_position":"","_kad_post_header":false,"_kad_post_footer":false,"_kad_post_classname":"","cybocfi_hide_featured_image":"","footnotes":"","_links_to":"","_links_to_target":""},"sisaltoluokka":[],"class_list":["post-47198","page","type-page","status-publish","hentry"],"yoast_head":"<!-- This site is optimized with the Yoast SEO plugin v27.4 - https:\/\/yoast.com\/product\/yoast-seo-wordpress\/ -->\n<title>Fr\u00e5n skuggorna till ljuset \u2013 bloggen - Niemikotis\u00e4\u00e4ti\u00f6<\/title>\n<meta name=\"robots\" content=\"index, follow, max-snippet:-1, max-image-preview:large, max-video-preview:-1\" \/>\n<link rel=\"canonical\" href=\"https:\/\/niemikoti.fi\/sv\/erfarenhetsexperter\/fran-skuggorna-till-ljuset-bloggen\/\" \/>\n<meta property=\"og:locale\" content=\"sv_SE\" \/>\n<meta property=\"og:type\" content=\"article\" \/>\n<meta property=\"og:title\" content=\"Fr\u00e5n skuggorna till ljuset \u2013 bloggen - Niemikotis\u00e4\u00e4ti\u00f6\" \/>\n<meta property=\"og:description\" content=\"I bloggen&nbsp;Fr\u00e5n skuggorna till ljuset&nbsp;f\u00e5r anv\u00e4ndare av psykiatriska tj\u00e4nster, anh\u00f6riga, experter samt Stiftelsen Uddhemmets anst\u00e4llda och studerande komma till tals. Bloggens teman kretsar fritt kring \u00e5terh\u00e4mtning, erfarenhetsexpertis, mentalv\u00e5rdsarbete, upplevelser av vardag och fest samt fr\u00e5gor som r\u00f6r psykisk oh\u00e4lsa. De nyaste inl\u00e4ggen i bloggen finns ocks\u00e5 p\u00e5 svenska. \u00c4ldre texter finns tills vidare endast p\u00e5...\" \/>\n<meta property=\"og:url\" content=\"https:\/\/niemikoti.fi\/sv\/erfarenhetsexperter\/fran-skuggorna-till-ljuset-bloggen\/\" \/>\n<meta property=\"og:site_name\" content=\"Niemikotis\u00e4\u00e4ti\u00f6\" \/>\n<meta property=\"article:publisher\" content=\"https:\/\/www.facebook.com\/niemikoti\" \/>\n<meta property=\"article:modified_time\" content=\"2025-10-07T06:30:50+00:00\" \/>\n<meta name=\"twitter:card\" content=\"summary_large_image\" \/>\n<meta name=\"twitter:label1\" content=\"Ber\u00e4knad l\u00e4stid\" \/>\n\t<meta name=\"twitter:data1\" content=\"1 minut\" \/>\n<script type=\"application\/ld+json\" class=\"yoast-schema-graph\">{\"@context\":\"https:\\\/\\\/schema.org\",\"@graph\":[{\"@type\":\"WebPage\",\"@id\":\"https:\\\/\\\/niemikoti.fi\\\/sv\\\/erfarenhetsexperter\\\/fran-skuggorna-till-ljuset-bloggen\\\/\",\"url\":\"https:\\\/\\\/niemikoti.fi\\\/sv\\\/erfarenhetsexperter\\\/fran-skuggorna-till-ljuset-bloggen\\\/\",\"name\":\"Fr\u00e5n skuggorna till ljuset \u2013 bloggen - Niemikotis\u00e4\u00e4ti\u00f6\",\"isPartOf\":{\"@id\":\"https:\\\/\\\/niemikoti.fi\\\/#website\"},\"datePublished\":\"2019-05-12T04:22:24+00:00\",\"dateModified\":\"2025-10-07T06:30:50+00:00\",\"breadcrumb\":{\"@id\":\"https:\\\/\\\/niemikoti.fi\\\/sv\\\/erfarenhetsexperter\\\/fran-skuggorna-till-ljuset-bloggen\\\/#breadcrumb\"},\"inLanguage\":\"sv-SE\",\"potentialAction\":[{\"@type\":\"ReadAction\",\"target\":[\"https:\\\/\\\/niemikoti.fi\\\/sv\\\/erfarenhetsexperter\\\/fran-skuggorna-till-ljuset-bloggen\\\/\"]}]},{\"@type\":\"BreadcrumbList\",\"@id\":\"https:\\\/\\\/niemikoti.fi\\\/sv\\\/erfarenhetsexperter\\\/fran-skuggorna-till-ljuset-bloggen\\\/#breadcrumb\",\"itemListElement\":[{\"@type\":\"ListItem\",\"position\":1,\"name\":\"Home\",\"item\":\"https:\\\/\\\/niemikoti.fi\\\/sv\\\/\"},{\"@type\":\"ListItem\",\"position\":2,\"name\":\"Erfarenhetsexperter\",\"item\":\"https:\\\/\\\/niemikoti.fi\\\/sv\\\/erfarenhetsexperter\\\/\"},{\"@type\":\"ListItem\",\"position\":3,\"name\":\"Fr\u00e5n skuggorna till ljuset \u2013 bloggen\"}]},{\"@type\":\"WebSite\",\"@id\":\"https:\\\/\\\/niemikoti.fi\\\/#website\",\"url\":\"https:\\\/\\\/niemikoti.fi\\\/\",\"name\":\"Niemikotis\u00e4\u00e4ti\u00f6\",\"description\":\"Yhdess\u00e4 jo 40 vuotta\",\"publisher\":{\"@id\":\"https:\\\/\\\/niemikoti.fi\\\/#organization\"},\"potentialAction\":[{\"@type\":\"SearchAction\",\"target\":{\"@type\":\"EntryPoint\",\"urlTemplate\":\"https:\\\/\\\/niemikoti.fi\\\/?s={search_term_string}\"},\"query-input\":{\"@type\":\"PropertyValueSpecification\",\"valueRequired\":true,\"valueName\":\"search_term_string\"}}],\"inLanguage\":\"sv-SE\"},{\"@type\":\"Organization\",\"@id\":\"https:\\\/\\\/niemikoti.fi\\\/#organization\",\"name\":\"Niemikotis\u00e4\u00e4ti\u00f6\",\"url\":\"https:\\\/\\\/niemikoti.fi\\\/\",\"logo\":{\"@type\":\"ImageObject\",\"inLanguage\":\"sv-SE\",\"@id\":\"https:\\\/\\\/niemikoti.fi\\\/#\\\/schema\\\/logo\\\/image\\\/\",\"url\":\"https:\\\/\\\/niemikoti.fi\\\/wp-content\\\/uploads\\\/2023\\\/02\\\/niemikotilogo40v_vaaka.png\",\"contentUrl\":\"https:\\\/\\\/niemikoti.fi\\\/wp-content\\\/uploads\\\/2023\\\/02\\\/niemikotilogo40v_vaaka.png\",\"width\":1147,\"height\":418,\"caption\":\"Niemikotis\u00e4\u00e4ti\u00f6\"},\"image\":{\"@id\":\"https:\\\/\\\/niemikoti.fi\\\/#\\\/schema\\\/logo\\\/image\\\/\"},\"sameAs\":[\"https:\\\/\\\/www.facebook.com\\\/niemikoti\",\"https:\\\/\\\/www.instagram.com\\\/niemikoti\\\/\",\"https:\\\/\\\/www.youtube.com\\\/channel\\\/UCfo6l7q45CD_derGzEH8XGA\"]}]}<\/script>\n<!-- \/ Yoast SEO plugin. -->","yoast_head_json":{"title":"Fr\u00e5n skuggorna till ljuset \u2013 bloggen - Niemikotis\u00e4\u00e4ti\u00f6","robots":{"index":"index","follow":"follow","max-snippet":"max-snippet:-1","max-image-preview":"max-image-preview:large","max-video-preview":"max-video-preview:-1"},"canonical":"https:\/\/niemikoti.fi\/sv\/erfarenhetsexperter\/fran-skuggorna-till-ljuset-bloggen\/","og_locale":"sv_SE","og_type":"article","og_title":"Fr\u00e5n skuggorna till ljuset \u2013 bloggen - Niemikotis\u00e4\u00e4ti\u00f6","og_description":"I bloggen&nbsp;Fr\u00e5n skuggorna till ljuset&nbsp;f\u00e5r anv\u00e4ndare av psykiatriska tj\u00e4nster, anh\u00f6riga, experter samt Stiftelsen Uddhemmets anst\u00e4llda och studerande komma till tals. Bloggens teman kretsar fritt kring \u00e5terh\u00e4mtning, erfarenhetsexpertis, mentalv\u00e5rdsarbete, upplevelser av vardag och fest samt fr\u00e5gor som r\u00f6r psykisk oh\u00e4lsa. De nyaste inl\u00e4ggen i bloggen finns ocks\u00e5 p\u00e5 svenska. \u00c4ldre texter finns tills vidare endast p\u00e5...","og_url":"https:\/\/niemikoti.fi\/sv\/erfarenhetsexperter\/fran-skuggorna-till-ljuset-bloggen\/","og_site_name":"Niemikotis\u00e4\u00e4ti\u00f6","article_publisher":"https:\/\/www.facebook.com\/niemikoti","article_modified_time":"2025-10-07T06:30:50+00:00","twitter_card":"summary_large_image","twitter_misc":{"Ber\u00e4knad l\u00e4stid":"1 minut"},"schema":{"@context":"https:\/\/schema.org","@graph":[{"@type":"WebPage","@id":"https:\/\/niemikoti.fi\/sv\/erfarenhetsexperter\/fran-skuggorna-till-ljuset-bloggen\/","url":"https:\/\/niemikoti.fi\/sv\/erfarenhetsexperter\/fran-skuggorna-till-ljuset-bloggen\/","name":"Fr\u00e5n skuggorna till ljuset \u2013 bloggen - Niemikotis\u00e4\u00e4ti\u00f6","isPartOf":{"@id":"https:\/\/niemikoti.fi\/#website"},"datePublished":"2019-05-12T04:22:24+00:00","dateModified":"2025-10-07T06:30:50+00:00","breadcrumb":{"@id":"https:\/\/niemikoti.fi\/sv\/erfarenhetsexperter\/fran-skuggorna-till-ljuset-bloggen\/#breadcrumb"},"inLanguage":"sv-SE","potentialAction":[{"@type":"ReadAction","target":["https:\/\/niemikoti.fi\/sv\/erfarenhetsexperter\/fran-skuggorna-till-ljuset-bloggen\/"]}]},{"@type":"BreadcrumbList","@id":"https:\/\/niemikoti.fi\/sv\/erfarenhetsexperter\/fran-skuggorna-till-ljuset-bloggen\/#breadcrumb","itemListElement":[{"@type":"ListItem","position":1,"name":"Home","item":"https:\/\/niemikoti.fi\/sv\/"},{"@type":"ListItem","position":2,"name":"Erfarenhetsexperter","item":"https:\/\/niemikoti.fi\/sv\/erfarenhetsexperter\/"},{"@type":"ListItem","position":3,"name":"Fr\u00e5n skuggorna till ljuset \u2013 bloggen"}]},{"@type":"WebSite","@id":"https:\/\/niemikoti.fi\/#website","url":"https:\/\/niemikoti.fi\/","name":"Niemikotis\u00e4\u00e4ti\u00f6","description":"Yhdess\u00e4 jo 40 vuotta","publisher":{"@id":"https:\/\/niemikoti.fi\/#organization"},"potentialAction":[{"@type":"SearchAction","target":{"@type":"EntryPoint","urlTemplate":"https:\/\/niemikoti.fi\/?s={search_term_string}"},"query-input":{"@type":"PropertyValueSpecification","valueRequired":true,"valueName":"search_term_string"}}],"inLanguage":"sv-SE"},{"@type":"Organization","@id":"https:\/\/niemikoti.fi\/#organization","name":"Niemikotis\u00e4\u00e4ti\u00f6","url":"https:\/\/niemikoti.fi\/","logo":{"@type":"ImageObject","inLanguage":"sv-SE","@id":"https:\/\/niemikoti.fi\/#\/schema\/logo\/image\/","url":"https:\/\/niemikoti.fi\/wp-content\/uploads\/2023\/02\/niemikotilogo40v_vaaka.png","contentUrl":"https:\/\/niemikoti.fi\/wp-content\/uploads\/2023\/02\/niemikotilogo40v_vaaka.png","width":1147,"height":418,"caption":"Niemikotis\u00e4\u00e4ti\u00f6"},"image":{"@id":"https:\/\/niemikoti.fi\/#\/schema\/logo\/image\/"},"sameAs":["https:\/\/www.facebook.com\/niemikoti","https:\/\/www.instagram.com\/niemikoti\/","https:\/\/www.youtube.com\/channel\/UCfo6l7q45CD_derGzEH8XGA"]}]}},"taxonomy_info":[],"featured_image_src_large":false,"author_info":{"display_name":"Niemikotis\u00e4\u00e4ti\u00f6n viestint\u00e4","author_link":"https:\/\/niemikoti.fi\/sv\/author\/katjalampela\/"},"comment_info":0,"_links":{"self":[{"href":"https:\/\/niemikoti.fi\/sv\/wp-json\/wp\/v2\/pages\/47198","targetHints":{"allow":["GET"]}}],"collection":[{"href":"https:\/\/niemikoti.fi\/sv\/wp-json\/wp\/v2\/pages"}],"about":[{"href":"https:\/\/niemikoti.fi\/sv\/wp-json\/wp\/v2\/types\/page"}],"author":[{"embeddable":true,"href":"https:\/\/niemikoti.fi\/sv\/wp-json\/wp\/v2\/users\/2"}],"replies":[{"embeddable":true,"href":"https:\/\/niemikoti.fi\/sv\/wp-json\/wp\/v2\/comments?post=47198"}],"version-history":[{"count":2,"href":"https:\/\/niemikoti.fi\/sv\/wp-json\/wp\/v2\/pages\/47198\/revisions"}],"predecessor-version":[{"id":47203,"href":"https:\/\/niemikoti.fi\/sv\/wp-json\/wp\/v2\/pages\/47198\/revisions\/47203"}],"up":[{"embeddable":true,"href":"https:\/\/niemikoti.fi\/sv\/wp-json\/wp\/v2\/pages\/47186"}],"wp:attachment":[{"href":"https:\/\/niemikoti.fi\/sv\/wp-json\/wp\/v2\/media?parent=47198"}],"wp:term":[{"taxonomy":"sisaltoluokka","embeddable":true,"href":"https:\/\/niemikoti.fi\/sv\/wp-json\/wp\/v2\/sisaltoluokka?post=47198"}],"curies":[{"name":"wp","href":"https:\/\/api.w.org\/{rel}","templated":true}]}}